{"version":"1.0","provider_name":"Anya(g)i Amb\u00edci\u00f3k","provider_url":"https:\/\/businessmami.cafeblog.hu","author_name":"Patak Gy\u00f6ngyv\u00e9r","author_url":"https:\/\/businessmami.cafeblog.hu\/author\/patakne-gyongyvergmail-com\/","title":"Hajamn\u00e1l fogva is!","html":"<p><strong><em>Eltelt h\u00e1t a sz\u00e9prem\u00e9ny\u0171 november \u00e9s december. V\u00e9ge lett 2014-es \u00e9vnek is. M\u00e1r nem \"f\u00e1j\" a visszatekint\u00e9s, de el\u00e1rulom, kedves napl\u00f3m, a boldog advent alatt \u00e9n hetekig magam alatt voltam, est\u00e9nk\u00e9nt sokszor s\u00edrtam<\/em><\/strong> <em>- f\u00e1radts\u00e1gt\u00f3l, kimer\u00fcl\u00e9st\u0151l, tehetetlens\u00e9gt\u0151l, bossz\u00fas\u00e1gt\u00f3l - de legt\u00f6bbsz\u00f6r az \"elvesztegetett \u00e9vek\u00e9rt\", a soha vissza nem t\u00e9r\u0151 \"fiatals\u00e1gom\u00e9rt\", a soha meg nem val\u00f3sul\u00f3 \u00e1lmaim\u00e9rt.<\/em><\/p>\r\n<p>Igen, igen, nevets\u00e9gesen hangzik. Szabad lesajn\u00e1lni! :) Hisz \u00e9lek, eg\u00e9szs\u00e9ges vagyok, mindenem megvan - szeret\u0151 f\u00e9rj, gyerekek, h\u00e1z, aut\u00f3, kutya, gondoskod\u00f3 nagysz\u00fcl\u0151k, bar\u00e1tok... <strong>Csak <em>\u00e9n<\/em> nem vagyok meg... Csak magamat nem tal\u00e1lom. BUMM!<\/strong><\/p>\r\n<p><img class=\"alignnone size-large wp-image-631 aligncenter\" src=\"https:\/\/businessmami.cafeblog.hu\/files\/2015\/01\/hajamnal-fogva-is-600x316.jpg\" alt=\"hajamnal-fogva is\" width=\"600\" height=\"316\" \/><\/p>\r\n<p><strong>H\u00e1t ez\u00e9rt volt a sok s\u00edr\u00e1s - <em>tavaly<\/em> :).<\/strong><\/p>\r\n<p><strong>Azt\u00e1n a sok k\u00f6nnyel egy\u00fctt siker\u00fclt elengedtem minden b\u00e1natom, le a lefoly\u00f3ba, a zuhany alatt.<\/strong> Eltartott p\u00e1r h\u00e9tig, de megk\u00f6nnyebb\u00fcltem.<\/p>\r\n<p><strong>Az eg\u00e9sz engem is v\u00e1ratlanul \u00e9rt.<\/strong> Sosem voltam (hossz\u00fat\u00e1v\u00fa :)) depresszi\u00f3ra hajlamos, \u00e9s nem szoktam feladni sem dolgokat. Most m\u00e9gis \u00fagy \u00e9reztem, el\u00e9rtem valahova, ahova nem \u00e9n akartam j\u00f6nni. Egyre m\u00e9lyebbre h\u00faz egy ismeretlen \u00f6rv\u00e9ny, \u00e9s nem tudok kikeveredni bel\u0151le, tal\u00e1n bele is fulladok.<\/p>\r\n<p>Fojtogatott az \u00e9rz\u00e9s, hogy l\u00e1m, <strong>\u00e9n sem vagyok kiv\u00e9tel.<\/strong> \u00c9n is gyenge vagyok, engem is le tudnak nyomni a szok\u00e1sos \"h\u00e9tk\u00f6znapi akad\u00e1lyok\", mindennapos probl\u00e9m\u00e1k, feladatok, tennival\u00f3k. \u00c9s az id\u0151 rep\u00fcl. \u00c9n meg b\u00e9n\u00e1skodom, helyben toporgok, a vil\u00e1gmegv\u00e1lt\u00f3 terveim egyre el\u00e9rhetetlenebbnek t\u0171nnek. \u00c9s \u0151rl\u0151d\u00f6m, szenvedek, nem \u00e9rtem a helyzetet \u00e9s magamat. S\u0151t, m\u00e1r nem is<em> l\u00e1tom<\/em> magam...<\/p>\r\n<p><img class=\"alignnone size-large wp-image-632 aligncenter\" src=\"https:\/\/businessmami.cafeblog.hu\/files\/2015\/01\/csepp1-600x436.jpg\" alt=\"csepp1\" width=\"600\" height=\"436\" \/><\/p>\r\n<p><strong>Elt\u0171n\u00f6k lassan a t\u00f6megben, \u00e9n is az \u00e1tlaghoz tartozom.<\/strong> Ez a felismer\u00e9s engem, aki mindig \"jobbnak\", \"t\u00f6bbre hivatottnak\" k\u00e9pzeltem magam, elkeser\u00edt.<\/p>\r\n<p>G\u00e9pundoromat lek\u00fczdve keresg\u00e9lni kezdtem az \u00e9terben, (munk\u00e1ra, pl\u00e1ne \u00edr\u00e1sra \u00fagyis alkalmatlan lelki\u00e1llapotban) \u00e9s arra a diagn\u00f3zisra jutottam, hogy - trendi kifejez\u00e9ssel \u00e9lve - <strong>el\u00e9rt engem is a \"midlife crisis\".<\/strong> Annak ellen\u00e9re, hogy nem is vagyok <em>annyira<\/em> \u00f6reg, (b\u0151\u0151\u0151ven 40 alatt ;) ) \u00e9s nincs is semmi \"nagy\" baj k\u00f6r\u00fcl\u00f6ttem.<\/p>\r\n<p>Olyan \u00e9rz\u00e9s volt erre r\u00e1d\u00f6bbenni, mint 17 \u00e9vesen arra, hogy nekem is \"n\u0151iesen\" g\u00f6mb\u00f6ly\u00f6dik addigi fokhagyma-fenekem, hi\u00e1ba voltam benne biztos \u00e9vekig, hogy nekem azt\u00e1n <em>soha! <\/em><del>nem lesz nagy seggem<\/del><em>. <\/em><\/p>\r\n<h3><span style=\"color: #800000\"><strong>Sz\u00f3val r\u00e1j\u00f6ttem, hogy nyakig benne \u00fcl\u00f6k az <del>\u00f6nsajn\u00e1latban<\/del> \"midlife crisis\"-ban.<\/strong><\/span><\/h3>\r\n<p><strong>Az elm\u00falt hetek l\u00e1thatatlan blogbejegyz\u00e9sei h\u0171en t\u00fckr\u00f6zik, \"mennyi mindent\" siker\u00fclt megval\u00f3s\u00edtanom a <a title=\"\u00c9ves terv \u2013 ne v\u00e1rj vele \u00faj\u00e9vig!\" href=\"https:\/\/businessmami.cafeblog.hu\/2014\/11\/01\/eves-terv-ne-varj-vele-ujevig\/\" target=\"_blank\">gondosan bet\u00e1bl\u00e1zott menetrendb\u0151l<\/a>:\u00a0<\/strong><\/p>\r\n<p>Egy r\u00e9sz\u00fck rajtam k\u00edv\u00fcl \u00e1ll\u00f3 okok miatt nem siker\u00fclt:<\/p>\r\n<ul>\r\n<li>Vida \u00c1gi online Konverzi\u00f3 tr\u00e9ningj\u00e9ben <strong>hetekig nem voltak el\u00e9rhet\u0151ek<\/strong> a leck\u00e9k, pont, mikor r\u00e1\u00e9rtem volna bele\u00e1sni magam...<\/li>\r\n<li>Az \u00faj konyha egyedi cementlapja, amit a konyhapult f\u00f6l\u00e9 tenn\u00e9nk, <strong>nem k\u00e9sz\u00fclt el id\u0151ben,<\/strong> hogy kar\u00e1csony el\u0151tt bele mert\u00fcnk volna v\u00e1gni az \u00e1t\u00e9p\u00edt\u00e9sbe.<\/li>\r\n<li>Elsz\u00e1llt a laptopom k\u00e9perny\u0151je - szervizbe kellett vinni.<\/li>\r\n<li>Beteg gyereke(ke)t \u00e1polgattam itthon, a g\u00e9phez jut\u00e1s es\u00e9lye n\u00e9lk\u00fcl<\/li>\r\n<\/ul>\r\n<p>Egy r\u00e9sz\u00fcket pedig biztos meg tudtam volna oldani, ha nem \u00e9pp a fent eml\u00edtett \u00e1llapotban leledzem.<\/p>\r\n<ul>\r\n<li>a blog\u00edr\u00e1shoz, k\u00f6nyv\u00edr\u00e1shoz ihlet, motiv\u00e1ci\u00f3, hangulat kell<\/li>\r\n<li>a rendezv\u00e9nyszervez\u00e9shez elsz\u00e1nts\u00e1g \u00e9s szabad kapacit\u00e1s<\/li>\r\n<\/ul>\r\n<p><strong>Mindezt nem lehet \u00fagy,<\/strong> hogy napk\u00f6zben a rutintev\u00e9kenys\u00e9gek vagy a gyerekek elveszik az id\u0151t, est\u00e9re meg m\u00e1r kipurcanok, \u00e9s az \u00e9letkedvem is elmegy.<\/p>\r\n<p><span style=\"color: #800000\">\u00c9s f\u0151leg nem lehet \u00fagy, hogy <em>folyton<\/em> csak azon kattog az agyam, hogy<\/span><strong><span style=\"color: #800000\"> ki vagyok \u00e9n, mi\u00e9rt j\u00f6ttem e vil\u00e1gra, mi az \u00e9n feladatom, a k\u00fcldet\u00e9sem.<\/span> <br \/><\/strong><\/p>\r\n<p>Ez ugyan minden \u00e9letkorban foglalkoztatja az embert - a 2,5 \u00e9ves Gerg\u0151, akinek egypet\u00e9j\u0171 ikerp\u00e1r egyik felek\u00e9nt erre nem is \u00e1rt r\u00e1gy\u00farni, naponta t\u00f6bbsz\u00f6r is meger\u0151s\u00edti mag\u00e1t \u00e9s minket: \"<em>\u00c9n nem Anjis, \u00e9n Dejd\u0151. Pata Dejd\u0151<\/em>.\" No de <em>ennyi<\/em> id\u0151sen, mint \u00e9n, \u00e9s <em>ilyen<\/em> \u00e9lethelyzetben - anyak\u00e9nt, v\u00e1llalkoz\u00f3k\u00e9nt - <strong>\u00edgy nem lehet <em>norm\u00e1lisan<\/em> \u00e9lni!<\/strong><\/p>\r\n<p>Rosszabb napokon pedig a k\u00e9rd\u00e9s m\u00e9g filozofikusabb:<\/p>\r\n<p><strong>Hov\u00e1 t\u0171ntem \u00e9n, aki voltam? \u00c9s mi lesz \u00edgy bel\u0151lem? \u00c9s f\u0151leg mikor...?<\/strong> M\u00e1r olyan \u00f6reg vagyok...<\/p>\r\n<p>J\u00f3zan pillanataimban \u00e9reztem, hogy valamit tennem kell. \u00d6sszekapargatva marad\u00e9k er\u0151met el\u0151 is vettem 2-3 fajta, c\u00e9lkit\u0171z\u0151s-elemz\u0151s f\u00fczetk\u00e9t, pozit\u00edv-gondolatos k\u00f6nyvet, stb. A Bakancslista c. filmet visszatettem a polcra, ott tal\u00e1n most m\u00e9g nem tartok. :)<\/p>\r\n<p>Miel\u0151tt azonban neki\u00e1lltam volna kit\u00f6lteni ezeket (megint), \u00fagy \u00e9reztem, m\u00e1s m\u00f3dszerekre van sz\u00fcks\u00e9gem, mint eddig. Valami plusz seg\u00edts\u00e9gre. Internetes b\u00f6ng\u00e9sz\u00e9sem sor\u00e1n az is kider\u00fclt, hogy <strong><span style=\"color: #800000\">2015<\/span> az ezot\u00e9ria k\u00fcl\u00f6nb\u00f6z\u0151 \u00e1gazatai szerint is <span style=\"color: #800000\">kiemelked\u0151en fontos \u00e9s felemel\u0151, k\u00fcl\u00f6nleges \u00e9v lesz,<\/span><\/strong><span style=\"color: #800000\"> <strong>aminek energi\u00e1it v\u00e9tek lenne nem kihaszn\u00e1lni.<\/strong><\/span><\/p>\r\n<p>Gondoltam, most vagy soha - meg kell ismerkednem egy sz\u00e1momra eleddig ismeretlen ter\u00fclettel: <strong>a <em>medit\u00e1ci\u00f3<\/em> \u00e1ld\u00e1sos hat\u00e1saihoz kell folyamodnom.<\/strong> De nem \u00e1m csak a magam m\u00f3dj\u00e1n, alf\u00e1nak nevezett f\u00e9l\u00e1lomba s\u00fcppedve, hanem profin, c\u00e9llal, vezet\u00e9ssel.<\/p>\r\n<p><strong>Janu\u00e1r m\u00e1sodik het\u00e9nek els\u0151, naps\u00fct\u00f6ttje d\u00e9lel\u0151ttj\u00e9n \u00e9rkezett el a megfelel\u0151 pillanat,<\/strong> amikor minden gyermek <del>v\u00e9gre<\/del> int\u00e9zm\u00e9nybe vonult, \u00e9s egyed\u00fcl maradtam a t\u00e9li sz\u00fcnetben ugyan kiss\u00e9 lerongyol\u00f3dott, de most csendes lak\u00e1sban.<\/p>\r\n<p><strong>Miut\u00e1n a reggeli h\u00e1ny\u00e1s nyomait<\/strong> (2dl frissen benyelt tejci, mely intenz\u00edv hasonfekv\u0151s csikiz\u00e9s k\u00f6vetkezt\u00e9ben t\u00f6rt fel Gerg\u0151b\u0151l \u00e9s ter\u00edtett be engem (ruha, arc, haj), Gerg\u0151t mag\u00e1t, a k\u00e9t kis\u00e1gyat, egyikben Andrist \u00e9s \u00e1gynem\u0171j\u00e9t, a puha b\u00e9ka-z\u00f6ld sz\u0151nyeget, a piros olvas\u00f3s-kanap\u00e9t, a tet\u0151t\u00e9ri ferde-plafont, a parkett\u00e1t \u00e9s a szoba t\u00falv\u00e9g\u00e9n \u00e1ll\u00f3 szekr\u00e9nyt, indul\u00e1s el\u0151tt 10 perccel),\u00a0 <strong>elt\u00fcntettem \u00e9s szagtalan\u00edtottam<\/strong> (indul\u00e1s el\u0151tt csak gyors felt\u00f6rl\u00e9sre volt id\u0151), elmosogattam, kis\u00f6p\u00f6rtem, beind\u00edtottam a mos\u00e1st, megetettem a kuty\u00e1t \u00e9s kivittem a szemetet, <strong>f\u00f6t\u00f6rtem magamnak egy kis helyet a nappali k\u00f6zep\u00e9n megb\u00faj\u00f3 fotelban<\/strong> - a les\u00f6p\u00f6rt morzs\u00e1kat majd k\u00e9s\u0151bb \u00f6sszeporsz\u00edv\u00f3zom - \u00e9s miut\u00e1n a h\u00e1tt\u00e1mla m\u00f6g\u00e9 beszorult kisaut\u00f3kat, taknyos zsepiket, \u00e9s b\u00fcd\u00f6s zoknikat elt\u00e1vol\u00edtottam,<strong> k\u00e9nyelmesen elhelyezkedve elind\u00edtottam az andal\u00edt\u00f3 zenei al\u00e1fest\u00e9s\u0171, val\u00f3ban kellemes f\u00e9rfihangot,<\/strong> mely most engem tudatilag \u00e9s az alatt is hozz\u00e1seg\u00edt ahhoz, hogy<strong> elengedjem mindazt, amit el kell, \u00e9s a saj\u00e1t utamra t\u00e9rjek.<\/strong><\/p>\r\n<p><strong>Behunytam a szemem - j\u00f3lesett \u00edgy is a napok \u00f3ta nem l\u00e1tott be\u00e1raml\u00f3 naps\u00fct\u00e9s - \u00e9s j\u00f3 gyerek m\u00f3dj\u00e1ra k\u00f6vettem az utas\u00edt\u00e1sokat.<\/strong> Elk\u00e9pzeltem a z\u00f6ld mez\u0151t, h\u00edvogat\u00f3 f\u00e9nyt, a ny\u00edl\u00f3 ajt\u00f3t, a hull\u00e1mz\u00f3 vizet, a b\u00e9k\u00e9t, csendet, nyugalmat, ami k\u00f6r\u00fclvesz, \u00e9s \u00e9pp a v\u00e9d\u0151angyalommal akartam t\u00e1rgyal\u00e1sokba kezdeni a k\u00fcldet\u00e9semr\u0151l, amikor hirtelen egy d\u00f6rg\u0151 f\u00e9rfihang robbantotta sz\u00e9t az idillt:<\/p>\r\n<p>- Most, hogy \u00fajra hallod a hangom, nagyon lassan mozd\u00edtsd meg a v\u00e9gtagjaidat...<\/p>\r\n<p>Mi van? Ki ez? Mi ez a s\u00f6t\u00e9t? Kint s\u0171r\u0171n kavarog a h\u00f3, a szob\u00e1ban f\u00e9lhom\u00e1ly, a l\u00e1bam \u00e9s a nyakam tot\u00e1l elzsibbadva... A cd lej\u00e1tsz\u00f3n a 4. track villog... \u00d3, hogy aza...! Elaludtam! Ennyit az \u00e1lmatlan \u00e9jszaka (v\u00edzborogat\u00e1s-\u00e1gynem\u0171csere-orrsz\u00edv\u00e1s-pisil\u00e9s) ut\u00e1ni medit\u00e1ci\u00f3r\u00f3l. :)<\/p>\r\n<p>Na, de most hogy t\u00f6bb mint egy \u00f3r\u00e1s alv\u00e1ssal kipihentem magam, munk\u00e1ra fel! El\u0151 a c\u00e9lkit\u0171z\u0151s f\u00fczetk\u00e9kkel, \u00f6sszegezz\u00fcnk, tervezz\u00fcnk. Forr\u00f3 tea, h\u00e1zi keksz, kemencepadka...<\/p>\r\n<p><strong>L\u00e1ssuk el\u0151sz\u00f6r, mit v\u00e9geztem eddig,<\/strong> <strong><em>\u00e9ves szinten<\/em><\/strong>:<\/p>\r\n<ul>\r\n<li>miket val\u00f3s\u00edtottam meg az elm\u00falt \u00e9vben (<em>ilyen sok mindent?!! :) juh\u00e9<\/em>!)<\/li>\r\n<li>mik azok, amik a \"nagy \u00e1lmaim\" fel\u00e9 vezettek --&gt; <em>f\u00f3kusz ide!!<\/em><\/li>\r\n<li>mik azok, amik NEM a \"nagy \u00e1lmaim\" fel\u00e9 vezettek --&gt; <em>kuka!!<\/em><\/li>\r\n<li>mi okozott \u00f6r\u00f6m\u00f6t, siker\u00e9lm\u00e9nyt --&gt; <em>folytatni! t\u00f6bbsz\u00f6r csin\u00e1lni!<\/em><\/li>\r\n<li>mit ut\u00e1lok, mit k\u00edv\u00e1nok a h\u00e1tam k\u00f6zep\u00e9re --&gt; <em>NEM-et mondani r\u00e1!<\/em><\/li>\r\n<li>mi az, ami hozza a p\u00e9nzt --&gt; <em>tudatosabban tervezni<\/em><\/li>\r\n<li>mi az, ami viszi --&gt; <em>elengedni, ha f\u00e1j is :) (vagy p\u00e9nztermel\u0151v\u00e9 var\u00e1zsolni)<\/em><\/li>\r\n<\/ul>\r\n<p><strong>Most pedig n\u00e9zz\u00fck, mit szeretn\u00e9k (akarok) megval\u00f3s\u00edtani, el\u00e9rni 2015-ben:<\/strong><\/p>\r\n<ul>\r\n<li>Mi a \"nagy \u00e1lmom\", ami fel\u00e9 haladok? Mi a k\u00fcldet\u00e9sem \/ hivat\u00e1som (most)?<\/li>\r\n<li>Ehhez milyen feladatokat (projekteket) kell elv\u00e9geznem?<\/li>\r\n<li>\u00c9v v\u00e9g\u00e9n hol szeretn\u00e9k tartani? Visszafel\u00e9 lebontva ehhez milyen l\u00e9p\u00e9seket kell tennem? Milyen sorrendben? (Azaz komplex projekt-tervez\u00e9s l\u00e9p\u00e9sr\u0151l l\u00e9p\u00e9sre, fel\u00e9p\u00edt\u00e9s, \"elk\u00e9sz\u00edt\u00e9s\", marketing, k\u00f6lts\u00e9gtervez\u00e9s, stb)<\/li>\r\n<li>Id\u0151z\u00edt\u00e9s: Mikor kell megtennem a k\u00f6vetkez\u0151 l\u00e9p\u00e9st, hogy X d\u00e1tumra v\u00e9gezzek? --&gt; <em>Napt\u00e1r! \u00c9ves, havi, \u00e9s heti.<\/em><\/li>\r\n<li><strong>Melyik feladathoz kit\u0151l, milyen seg\u00edts\u00e9gre van sz\u00fcks\u00e9gem?<\/strong> Szakemberek, k\u00e9pz\u00e9s, lelki t\u00e1masz, baby-sitter :) <em>(Ez egy fontos \u00e9s \u00faj pont a list\u00e1mon! Pedig sokszor ez a kulcs :))<\/em><\/li>\r\n<li>Mit szeretn\u00e9k a csal\u00e1d\/mag\u00e1n\u00e9let ter\u00fclet\u00e9n el\u00e9rni?<\/li>\r\n<li>P\u00e9nz\u00fcgyi t\u00e9ren?<\/li>\r\n<li>Milyen akad\u00e1lyok v\u00e1rhat\u00f3k?<\/li>\r\n<li>stb.<\/li>\r\n<\/ul>\r\n<p><strong>Az j\u00f3 jel, hogy a f\u0151 c\u00e9lokat tekintve mindig ugyanarra jutok.<\/strong> Nem kap el a v\u00e1gy, hogy orvos legyek, vagy fest\u0151m\u0171v\u00e9sz, esetleg afrikai misszion\u00e1rius.<\/p>\r\n<p><strong>Viszont akadnak n\u00e9ha k\u00e9ts\u00e9geim, k\u00e9rd\u00e9seim:<\/strong><\/p>\r\n<ul>\r\n<li>Meg\u00e9ri \"imamizni\"...? (rendezv\u00e9nyek, p\u00e1ly\u00e1zatok, csapatszellem, j\u00f6vedelem)<\/li>\r\n<li>Meg\u00e9ri blogolni...? (pr-\u00e9rt\u00e9k?, kapcsolat\u00e9p\u00edt\u00e9s?, listagy\u0171jt\u00e9s? elismer\u00e9s? (z\u00e1r\u00f3jel a z\u00e1r\u00f3jelben: nap blogja, k\u00f6sz\u00f6n\u0151levelek - legut\u00f3bbib\u00f3l: <em>\"A blogod sz\u00e1momra gy\u00f3gy\u00edr.\"<\/em> :) )<\/li>\r\n<li>Meg\u00e9ri k\u00f6nyvet \u00edrni? (k\u00fcldet\u00e9studat?, anyagilag? pr? mi a k\u00f6nyv c\u00e9lja? im\u00e1dom)<\/li>\r\n<li>Meg\u00e9ri vend\u00e9gh\u00e1zat \u00e9p\u00edteni? (\u00e1lmom, anyagi haszon?, nagy falat?)<\/li>\r\n<li><del>Meg\u00e9ri ennyi gyereket nevelni?<\/del><\/li>\r\n<\/ul>\r\n<p>A\"Meg\u00e9ri?\", ahogy l\u00e1tszik is, nem csak anyagilag\u00a0 \u00e9rtend\u0151! Kellenek az \u00edrott v\u00e1laszok, pro \u00e9s kontra \u00e9rvekkel.<\/p>\r\n<p><strong>Azt\u00e1n csavarok a k\u00e9rd\u00e9seken, hogy haladjunk:<\/strong><\/p>\r\n<ul>\r\n<li><em>Hogyan<\/em> csin\u00e1ljam, hogy jobban meg\u00e9rje? <em>Hogyan<\/em> lesz j\u00f6vedelmez\u0151bb? <em>Hogyan<\/em> hoz t\u00f6bb l\u00e1togat\u00f3t?\u00a0<\/li>\r\n<li><em>Milyen<\/em> lehet\u0151s\u00e9geket tartogat \u00e9s <em>hogyan<\/em> tudom azokat kiakn\u00e1zni?<\/li>\r\n<li><em>Szeretem<\/em> csin\u00e1lni? Hoz <em>elismer\u00e9s<\/em>t? Van r\u00e1 <em>ig\u00e9ny<\/em>?<\/li>\r\n<\/ul>\r\n<p><strong>A f\u0151 k\u00e9rd\u00e9s pedig mindig az, hogy az egyes tev\u00e9kenys\u00e9gek \/ projektek k\u00f6zelebb visznek-e a c\u00e9lomhoz?<\/strong><\/p>\r\n<p>M\u00e1r megint a c\u00e9l... Ami, ha nem el\u00e9g konkr\u00e9t, ha nincsenek<strong> sz\u00e1mok, hat\u00e1rid\u0151k, id\u0151intervallumok<\/strong>, akkor csak \u00e1lom marad:<\/p>\r\n<ul>\r\n<li>Nagyobb j\u00f6vedelem\u00a0 - pontosan mikorra, mekkora \u00f6sszeg?<\/li>\r\n<li>Nagyobb ismerts\u00e9g - pontosan mikorra h\u00e1ny olvas\u00f3?<\/li>\r\n<li>stb.<\/li>\r\n<\/ul>\r\n<p>\u00cdgy \u00fajra k\u00f6rvonalaz\u00f3dik a j\u00f6v\u0151 - ami <strong>ma<\/strong> kezd\u0151dik, \u00fagyhogy megyek is \"dolgozni\". Megv\u00e1laszolom a k\u00e9rd\u00e9seket, tervezek, sz\u00e1molok, \u00e9s <strong>megteszem az els\u0151 l\u00e9p\u00e9seket! <\/strong><\/p>\r\n<p><strong>Nap mint nap meg kell majd k\u00fczdeni minden centi\u00e9rt<\/strong> - mert \"f\u00e1j\" megtenni, mert el akarnak majd g\u00e1ncsolni, l\u00f6knek erre, l\u00f6knek arra, h\u00edvnak m\u00e1sfel\u00e9... De szemem a c\u00e9lon, ujjam a ravaszon, arcom a f\u00e9ny fel\u00e9...<\/p>\r\n[caption id=\"attachment_644\" align=\"aligncenter\" width=\"299\" class=\" \"]<img class=\"size-full wp-image-644\" src=\"https:\/\/businessmami.cafeblog.hu\/files\/2015\/01\/cowboyn\u0151.jpg\" alt=\"Bocs\u00e1nat, kicsit elkalandoztam :)\" width=\"299\" height=\"146\" \/> Bocs\u00e1nat, kicsit elkalandoztam :)[\/caption]\r\n<p>Sz\u00e1z sz\u00f3nak is egy a v\u00e9ge:<\/p>\r\n<p><strong>Nem csak a siker titka, de a depresszi\u00f3 legjobb ellenszere is a CSELEKV\u00c9S<\/strong> (+ friss leveg\u0151 \u00e9s testmozg\u00e1s :D)<\/p>\r\n<p><span style=\"color: #800000\"><strong>\u00c9s j\u00e9! M\u00e1r \u00fajra l\u00e1tom magam!! \u00c9n l\u00e9pek, \u00e9n csin\u00e1lom, \u00e9n vagyok! :)<\/strong> <\/span><\/p>\r\n<p>Felt\u00f6r\u0151 gejz\u00edrk\u00e9nt, legy\u0151zve az \u00f6rv\u00e9nyt. Csak magam h\u00fazhatom ki magam. Ak\u00e1r a hajamn\u00e1l fogva is! :)<\/p>\r\n<p style=\"text-align: center\"><strong>\u00c9ljen a janu\u00e1r!<\/strong><\/p>\r\n<p style=\"text-align: center\"><img class=\"alignnone size-large wp-image-642\" src=\"https:\/\/businessmami.cafeblog.hu\/files\/2015\/01\/fel-csepp-399x600.jpg\" alt=\"fel-csepp\" width=\"399\" height=\"600\" \/><\/p>\r\n<p>&nbsp;<\/p>\r\n<p><a href=\"http:\/\/www.mylivesignature.com\/\" target=\"_blank\"><img src=\"https:\/\/businessmami.cafeblog.hu\/files\/2014\/05\/8d33c8ebbed9143beb565b6f22f58423.png\" alt=\"\" border=\"0\" \/><\/a><\/p>\r\n<p><a href=\"http:\/\/blogspot.us1.list-manage.com\/subscribe?u=81a6319a46de16538b36cd0f4&amp;id=77e04d1bfb\" target=\"_blank\">\u00a0(Ha m\u00e9g nem tetted, iratkozz fel a blog\u00e9rtes\u00edt\u0151mre, hogy azonnal \u00e9rtes\u00edthesselek a leg\u00fajabb bejegyz\u00e9semr\u0151l! Kattints ide!)<\/a><\/p>","type":"rich","thumbnail_url":"https:\/\/businessmami.cafeblog.hu\/files\/2015\/01\/hajamnal-fogva-is-150x150.jpg","thumbnail_width":150,"thumbnail_height":150}